{"id":27502,"date":"2025-06-11T13:20:58","date_gmt":"2025-06-11T13:20:58","guid":{"rendered":"https:\/\/www.weesion.eu\/?page_id=27502"},"modified":"2025-06-11T13:30:52","modified_gmt":"2025-06-11T13:30:52","slug":"ochrana-osobnych-udajov","status":"publish","type":"page","link":"https:\/\/www.weesion.eu\/sk\/ochrana-osobnych-udajov\/","title":{"rendered":"Ochrana osobn\u00fdch \u00fadajov"},"content":{"rendered":"\t\t<div data-elementor-type=\"wp-page\" data-elementor-id=\"27502\" class=\"elementor elementor-27502\" data-elementor-post-type=\"page\">\n\t\t\t\t<div class=\"wd-negative-gap elementor-element elementor-element-568c616 e-flex e-con-boxed e-con e-parent\" data-id=\"568c616\" data-element_type=\"container\">\n\t\t\t\t\t<div class=\"e-con-inner\">\n\t\t\t\t<div class=\"elementor-element elementor-element-9d4c1fb elementor-widget elementor-widget-wd_text_block\" data-id=\"9d4c1fb\" data-element_type=\"widget\" data-widget_type=\"wd_text_block.default\">\n\t\t\t\t<div class=\"elementor-widget-container\">\n\t\t\t\t\t\t\t<div class=\"wd-text-block reset-last-child text-left\">\n\t\t\t\n\t\t\t<p><strong>INFORMA\u010cN\u00c1 POVINNOS\u0164 PREV\u00c1DZKOVATE\u013dA<\/strong><\/p><p><strong>v\u00a0zmysle Nariadenia Eur\u00f3pskeho parlamentu a Rady (E\u00da) 2016\/679 z 27. apr\u00edla 2016 o ochrane fyzick\u00fdch os\u00f4b pri sprac\u00favan\u00ed osobn\u00fdch \u00fadajov a o vo\u013enom pohybe tak\u00fdchto \u00fadajov, ktor\u00fdm sa zru\u0161uje smernica 95\/46\/ES (v\u0161eobecn\u00e9 nariadenia o ochrane osobn\u00fdch \u00fadajov) (\u010falej len \u201eGDPR\u201c) a z\u00e1kona \u010d. 18\/2018 Z. z. o ochrane osobn\u00fdch \u00fadajov a o zmene a doplnen\u00ed niektor\u00fdch z\u00e1konov (\u010falej len \u201eZ\u00e1kon\u201c).<\/strong><\/p><p>Ochrana osobn\u00fdch \u00fadajov na\u0161ich klientov, zmluvn\u00fdch partnerov \u010di in\u00fdch fyzick\u00fdch os\u00f4b je pre n\u00e1s ve\u013emi d\u00f4le\u017eit\u00e1. Z tohto d\u00f4vodu v\u0161etky procesy sprac\u00favania osobn\u00fdch \u00fadajov priebe\u017ene analyzujeme a zabezpe\u010dujeme ich s\u00falad s nariaden\u00edm GDPR a Z\u00e1konom. Touto cestou V\u00e1s informujeme o sp\u00f4sobe a podmienkach sprac\u00favania Va\u0161ich osobn\u00fdch \u00fadajov, ako aj o Va\u0161ich pr\u00e1vach, ktor\u00e9 s\u00fa s t\u00fdm spojen\u00e9.<\/p><ol><li><strong> Ak\u00e9 s\u00fa na\u0161e kontaktn\u00e9 \u00fadaje?<\/strong><\/li><\/ol><p>Pre uplatnenie v\u0161etk\u00fdch a ak\u00fdchko\u013evek Va\u0161ich pr\u00e1v t\u00fdkaj\u00facich sa ochrany osobn\u00fdch \u00fadajov, si V\u00e1m dovo\u013eujeme poskytn\u00fa\u0165 na\u0161e kontaktn\u00e9 \u00fadaje:<\/p><p><strong>\u00a0<\/strong><\/p><p style=\"text-align: center;\"><strong>N\u00e1zov a adresa prev\u00e1dzkovate\u013ea:<\/strong><\/p><p>Prev\u00e1dzkovate\u013e: <strong>Weesion s.r.o.<br \/><\/strong>S\u00eddlo: <strong>Kr\u00edkova 8696\/10, 821 07 Bratislava \u2013 mestsk\u00e1 \u010das\u0165 Vraku\u0148a<br \/><\/strong>I\u010cO: <strong>56\u00a0875 339<br \/><\/strong>Z\u00e1pis: <strong>spolo\u010dnos\u0165 je zap\u00edsan\u00e1 v\u00a0obchodnom registri Mestsk\u00e9ho s\u00fadu Bratislava III, oddiel: Sro, vlo\u017eka \u010d.\u00a0 186582\/B<\/strong><\/p><p>Ak m\u00e1te ot\u00e1zku, na ktor\u00fa v tejto Informa\u010dnej povinnosti prev\u00e1dzkovate\u013ea nen\u00e1jdete odpove\u010f, alebo ak si \u017eel\u00e1te podrobnej\u0161ie inform\u00e1cie k niektor\u00e9mu z t\u00fdchto bodov, alebo m\u00e1te z\u00e1ujem uplatni\u0165 ak\u00e9ko\u013evek Va\u0161e pr\u00e1vo na ochranu osobn\u00fdch \u00fadajov, nev\u00e1hajte n\u00e1s kontaktova\u0165.<\/p><p><strong><u>Na\u0161e kontaktn\u00e9 \u00fadaje:<\/u><\/strong><\/p><p>po\u0161tov\u00fd styk: <strong>Weesion s.r.o., Kr\u00edkova 8696\/10, 821 07 Bratislava \u2013 mestsk\u00e1 \u010das\u0165 Vraku\u0148a<br \/><\/strong>email: <a href=\"mailto:jcsomor@weesion.eu\"><strong>jcsomor@weesion.eu<\/strong><\/a><strong> , <\/strong><a href=\"mailto:ftoth@weesion.eu\"><strong>ftoth@weesion.eu<\/strong><\/a><br \/>telef\u00f3nne \u010d\u00edslo: \u00a0<strong>0904\/890409, 0918\/382873<\/strong><\/p><ol start=\"2\"><li><strong>Pre\u010do sprac\u00favame osobn\u00e9 \u00fadaje? <\/strong><\/li><\/ol><p>Sprac\u00favanie osobn\u00fdch \u00fadajov je z\u00a0na\u0161ej strany nevyhnutn\u00e9 najm\u00e4 preto, aby sme mohli:<\/p><ul><li>pon\u00faka\u0165 a poskytova\u0165 n\u00e1\u0161 tovar a na\u0161e slu\u017eby na\u0161im klientom, resp. vykon\u00e1va\u0165 svoju obchodn\u00fa \u010dinnos\u0165;<\/li><li>plni\u0165 r\u00f4zne z\u00e1konn\u00e9 a\u00a0zmluvn\u00e9 povinnosti; a<\/li><li>chr\u00e1ni\u0165 legit\u00edmne z\u00e1ujmy n\u00e1s, na\u0161ich klientov a\u00a0in\u00fdch os\u00f4b.<\/li><\/ul><ol start=\"3\"><li><strong> Ak\u00fd je rozsah, \u00fa\u010del a pr\u00e1vny z\u00e1klad sprac\u00favania osobn\u00fdch \u00fadajov?<\/strong><\/li><\/ol><p>Touto cestou si V\u00e1s dovo\u013eujeme informova\u0165, \u017ee ako prev\u00e1dzkovate\u013e sprac\u00favame iba a v\u00fdlu\u010dne Va\u0161e nasledovn\u00e9 kateg\u00f3rie osobn\u00fdch \u00fadajov, a to na tieto \u00fa\u010dely a na z\u00e1klade t\u00fdchto pr\u00e1vnych z\u00e1kladov:<\/p><p>\u00a0<\/p><table><tbody><tr><td colspan=\"2\" width=\"201\"><strong>\u00da\u010del <\/strong><\/td><td colspan=\"2\" width=\"201\"><strong>Pr\u00e1vny z\u00e1klad pod\u013ea GDPR <\/strong><\/td><td colspan=\"2\" width=\"201\"><strong>S\u00favisiace predpisy <\/strong><\/td><\/tr><tr><td colspan=\"2\" width=\"201\">splnenie z\u00e1v\u00e4zkov\u00fdch a\u00a0ostatn\u00fdch zmluvn\u00fdch povinnost\u00ed<\/td><td colspan=\"2\" width=\"201\">plnenie zmluvy<\/td><td colspan=\"2\" width=\"201\"><p>Ob\u010diansky z\u00e1konn\u00edk<\/p><p>Obchodn\u00fd z\u00e1konn\u00edk<\/p><\/td><\/tr><tr><td colspan=\"2\" width=\"201\">splnenie z\u00e1konn\u00fdch povinnost\u00ed<\/td><td colspan=\"2\" width=\"201\">plnenie z\u00e1konnej povinnosti prev\u00e1dzkovate\u013ea<\/td><td colspan=\"2\" width=\"201\">Ob\u010diansky z\u00e1konn\u00edk, z\u00e1kon o\u00a0ochrane spotrebite\u013eov<\/td><\/tr><tr><td colspan=\"2\" width=\"201\">uplat\u0148ovanie svojich z\u00e1konn\u00fdch pr\u00e1v, br\u00e1nenie opr\u00e1vnen\u00fdch z\u00e1ujmov<\/td><td colspan=\"2\" width=\"201\">opr\u00e1vnen\u00fd z\u00e1ujem<\/td><td colspan=\"2\" width=\"201\">Ob\u010diansky z\u00e1konn\u00edk, Obchodn\u00fd z\u00e1konn\u00edk, Civiln\u00fd sporov\u00fd poriadok, Trestn\u00fd poriadok<\/td><\/tr><tr><td colspan=\"2\" width=\"201\">zabezpe\u010denie s\u00faladu s\u00a0pr\u00e1vnymi predpismi<\/td><td colspan=\"2\" width=\"201\"><p>plnenie z\u00e1konnej povinnosti<\/p><p>verejn\u00fd z\u00e1ujem<\/p><\/td><td colspan=\"2\" width=\"201\">Z\u00e1kon o\u00a0ochrane pred legaliz\u00e1ciou pr\u00edjmov z\u00a0trestnej \u010dinnosti<\/td><\/tr><tr><td colspan=\"2\" width=\"201\">\u0161tatistick\u00e9 \u00fa\u010dely, arch\u00edvne \u00fa\u010dely vo verejnom z\u00e1ujme a\u00a0\u00fa\u010dely historick\u00e9ho a\u00a0vedeck\u00e9ho v\u00fdskumu<\/td><td colspan=\"2\" width=\"201\"><p>verejn\u00fd z\u00e1ujem<\/p><p>plnenie z\u00e1konnej povinnosti<\/p><\/td><td colspan=\"2\" width=\"201\">z\u00e1kon o\u00a0arch\u00edvoch a\u00a0registrat\u00farach, z\u00e1kon o\u00a0\u0161t\u00e1tnej \u0161tatistike,<\/td><\/tr><tr><td colspan=\"2\" width=\"201\">vedenie predp\u00edsan\u00e9ho \u00fa\u010dtovn\u00edctva a\u00a0da\u0148ovej agendy<\/td><td colspan=\"2\" width=\"201\">plnenie z\u00e1konnej povinnosti<\/td><td colspan=\"2\" width=\"201\">z\u00e1kon o\u00a0dani z\u00a0pr\u00edjmov, z\u00e1kon o \u00fa\u010dtovn\u00edctve<\/td><\/tr><tr><td colspan=\"2\" width=\"201\">vedenie vn\u00fatornej evidencie spolo\u010dn\u00edkov<\/td><td colspan=\"2\" width=\"201\">plnenie z\u00e1konnej povinnosti<\/td><td colspan=\"2\" width=\"201\">Obchodn\u00fd z\u00e1konn\u00edk<\/td><\/tr><tr><td colspan=\"2\" width=\"201\">vedenie person\u00e1lnej a\u00a0mzdovej agendy a\u00a0agendy poistn\u00fdch odvodov<\/td><td colspan=\"2\" width=\"201\">plnenie z\u00e1konnej povinnosti<\/td><td colspan=\"2\" width=\"201\"><p>Z\u00e1konn\u00edk pr\u00e1ce<\/p><p>z\u00e1kon o\u00a0soci\u00e1lnom poisten\u00ed<\/p><p>z\u00e1kon o\u00a0zdravotnom poisten\u00ed<\/p><\/td><\/tr><tr><td colspan=\"2\" width=\"201\">podpora odbytu<\/td><td colspan=\"2\" width=\"201\">s\u00fahlas dotknutej osoby<\/td><td colspan=\"2\" width=\"201\">Ob\u010diansky z\u00e1konn\u00edk<\/td><\/tr><tr><td colspan=\"6\" width=\"604\"><p><strong><em>Sprac\u00favan\u00edm Va\u0161ich osobn\u00fdch \u00fadajov sledujeme na\u0161e opr\u00e1vnen\u00e9 z\u00e1ujmy:<\/em><\/strong><\/p><ul><li>uplat\u0148ovanie svojich z\u00e1konn\u00fdch pr\u00e1v, br\u00e1nenie vlastn\u00fdch\u00a0 opr\u00e1vnen\u00fdch z\u00e1ujmov v civiln\u00fdch s\u00fadnych konaniach, v spr\u00e1vnych konaniach a v trestn\u00fdch konaniach<\/li><\/ul><\/td><\/tr><\/tbody><\/table><ol start=\"4\"><li><strong> Komu sa Va\u0161e osobn\u00e9 \u00fadaje poskytuj\u00fa?<\/strong><\/li><\/ol><p>Osobn\u00e9 \u00fadaje na\u0161ich klientov, zmluvn\u00fdch partnerov \u010di in\u00fdch fyzick\u00fdch os\u00f4b chr\u00e1nime, pri\u010dom tieto nespr\u00edstup\u0148ujeme a ani neposkytujeme tret\u00edm osob\u00e1m \u010di subjektom, s v\u00fdnimkou os\u00f4b, ktor\u00e9 zabezpe\u010duj\u00fa vedenie \u00fa\u010dtovn\u00edctva,\u00a0 \u00a0poskytuj\u00fa prepravn\u00e9 slu\u017eby pre doru\u010denie tovarov objednan\u00fdch v\u00a0na\u0161om eshope a z tohto d\u00f4vodu sa pova\u017euj\u00fa za sprostredkovate\u013ea v zmysle GDPR.<\/p><p>Konkr\u00e9tne uv\u00e1dzame, \u017ee Va\u0161e osobn\u00e9 \u00fadaje m\u00f4\u017eu by\u0165 poskytnut\u00e9 nasledovn\u00fdm sprostredkovate\u013eom\/pr\u00edjemcom:<\/p><ul><li>na \u00fa\u010dely prev\u00e1dzkovania eshopu v\u00a0rozsahu IS Webshop \u2013 neregistrovan\u00ed z\u00e1kazn\u00edci a\u00a0IS Webshop \u2013 registrovan\u00ed z\u00e1kazn\u00edci je to Google Analytics<\/li><li>na \u00fa\u010dely doru\u010denia objednan\u00e9ho tovaru v\u00a0rozsahu IS Webshop \u2013 neregistrovan\u00ed z\u00e1kazn\u00edci, IS Webshop\u2013 registrovan\u00ed z\u00e1kazn\u00edci a\u00a0IS Zmluvy je to prepravn\u00e1 slu\u017eba DHL Express, ktor\u00e1 slu\u017eba je prev\u00e1dzkovan\u00e1 obchodnou spolo\u010dnos\u0165ou \u2013 DHL Express (Slovakia), spol. s\u00a0r.o. so s\u00eddlom Letisko M.R. \u0160tef\u00e1nika, 820 01 Bratislava, I\u010cO: 31\u00a0342 876. \u010ealej je to prepravn\u00e1 slu\u017eba Z\u00e1sielkov\u0148a, ktor\u00e1 je prev\u00e1dzkovan\u00e1 spolo\u010dnos\u0165ou Packeta Slovakia s.r.o. so s\u00eddlom Slia\u010dska 1E, 831 02 Bratislava \u2013 mestsk\u00e1 \u010das\u0165 Nov\u00e9 Mesto, I\u010cO: 48\u00a0136\u00a0999<\/li><li>na \u00fa\u010dely za\u00fa\u010dtovania obchodn\u00e9ho pr\u00edpadu v\u00a0rozsahu IS \u00da\u010dtovn\u00edctvo je to \u00fa\u010dtovn\u00edcka spolo\u010dnos\u0165: EKO Profin SK s.r.o. so s\u00eddlom Pan\u00f3nska cesta 34, 851 04 Bratislava \u2013 mestsk\u00e1 \u010das\u0165 Petr\u017ealka, I\u010cO: 55\u00a0800\u00a0556.<\/li><\/ul><p>V\u00fdber na\u0161ich partnerov realizujeme okrem in\u00e9ho aj s oh\u013eadom na z\u00e1ruky ich spo\u013eahlivosti a odbornej starostlivosti pri sprac\u00favan\u00ed osobn\u00fdch \u00fadajov na\u0161ich klientov, pri\u010dom tieto subjekty s\u00fa nami zaviazan\u00e9 ml\u010danlivos\u0165ou a povinnos\u0165ou prija\u0165 primeran\u00e9 technick\u00e9 a organiza\u010dn\u00e9 opatrenia, aby sprac\u00favanie osobn\u00fdch \u00fadajov sp\u013a\u0148alo po\u017eiadavky GDPR a Z\u00e1kona. V pr\u00edpade, ak tak\u00e1to povinnos\u0165 bude vypl\u00fdva\u0165 zo z\u00e1kona alebo rozhodnutia org\u00e1nu verejnej moci, s\u00fa Va\u0161e osobn\u00e9 \u00fadaje poskytnut\u00e9 aj org\u00e1nom verejnej moci \u010di in\u00fdm subjektom, napr.: zdravotn\u00e9 pois\u0165ovne, da\u0148ov\u00e9 \u00farady, soci\u00e1lna pois\u0165ov\u0148a, org\u00e1ny \u0161t\u00e1tnej spr\u00e1vy a verejnej moci, s\u00fady, org\u00e1ny \u010dinn\u00e9 v trestnom konan\u00ed a in\u00e9 org\u00e1ny, ktor\u00fdm sa poskytuj\u00fa osobn\u00e9 \u00fadaje pod\u013ea z\u00e1kona (napr. kontroln\u00e9 org\u00e1ny). Taktie\u017e m\u00f4\u017eu by\u0165 poskytnut\u00e9 exek\u00fatorom, s\u00fadom, na\u0161im advok\u00e1tom, not\u00e1rom poskytuj\u00facim pre n\u00e1s slu\u017eby, resp. spolupracuj\u00facim prev\u00e1dzkovate\u013eom.<\/p><p>Sme povinn\u00ed prekazi\u0165 sp\u00e1chanie trestn\u00e9ho \u010dinu a\u00a0takisto m\u00e1me povinnos\u0165 oznamova\u0165 inform\u00e1cie na \u00faseku predch\u00e1dzania priania \u0161pinav\u00fdch pe\u0148az\u00ed a\u00a0financovania terorizmu.<\/p><ol start=\"5\"><li><strong> Pren\u00e1\u0161ame Va\u0161e osobn\u00e9 \u00fadaje mimo Eur\u00f3pskej \u00fanie?<\/strong><\/li><\/ol><p>Prev\u00e1dzkovate\u013e si V\u00e1s dovo\u013euje informova\u0165, \u017ee Va\u0161e \u00fadaje nie s\u00fa pren\u00e1\u0161an\u00e9 mimo Eur\u00f3psku \u00faniu do tret\u00edch kraj\u00edn \u010di medzin\u00e1rodn\u00fdch organiz\u00e1ci\u00ed.<strong>\u00a0<\/strong><\/p><ol start=\"6\"><li><strong> Po ak\u00fa dobu uchov\u00e1vame Va\u0161e osobn\u00e9 \u00fadaje?<\/strong><\/li><\/ol><p>Va\u0161e osobn\u00e9 \u00fadaje uchov\u00e1vame iba po dobu, po ktor\u00fa je to nevyhnutn\u00e9 pre \u00fa\u010dely, pre ktor\u00e9 sa sprac\u00favaj\u00fa, a to napr.<\/p><ul><li>listiny t\u00fdkaj\u00face sa \u00fa\u010dtovn\u00edctva uchov\u00e1vame v\u00a0z\u00e1sade po dobu 10 rokov po ukon\u010den\u00ed \u00fa\u010dtovn\u00e9ho \u00a0roka a zda\u0148ovacieho obdobia<\/li><li>listiny t\u00fdkaj\u00face sa jednotliv\u00fdch obchodn\u00fdch pr\u00edpadov uchov\u00e1vame\u00a0\u00a0 po dobu 5 rokov od uzavretia obchodn\u00e9ho pr\u00edpadu<\/li><li>listiny t\u00fdkaj\u00face sa \u00a0pr\u00e1vnych sporov uchov\u00e1vame po dobu 10 rokov po ukon\u010den\u00ed pr\u00e1vneho pr\u00edpadu.<\/li><\/ul><p>Likvid\u00e1cii osobn\u00fdch \u00fadajov br\u00e1nia napr.:<\/p><ul><li>nie je mo\u017en\u00e9 likvidova\u0165 origin\u00e1ly list\u00edn<\/li><li>nie je mo\u017en\u00e9 likvidova\u0165 listiny, ktor\u00e9 musia by\u0165 odovzdan\u00e9 \u0161t\u00e1tnemu arch\u00edvu<\/li><li>pokia\u013e je veden\u00e9 ak\u00e9ko\u013evek konanie pred s\u00fadom, org\u00e1nom \u0161t\u00e1tnej spr\u00e1vy, org\u00e1nmi \u010dinn\u00fdmi v\u00a0trestnom konan\u00ed, ktor\u00e9 obsahovo s\u00favis\u00ed s\u00a0obsahom list\u00edn, inak ur\u010den\u00fdch na likvid\u00e1ciu.<\/li><\/ul><p>Pri sprac\u00favan\u00ed osobn\u00fdch \u00fadajov, kde sa vy\u017eaduje s\u00fahlas dotknutej osoby, sprac\u00favame osobn\u00e9 \u00fadaje po dobu troch (3) rokov po z\u00e1niku V\u00e1\u0161ho s\u00fahlasu, v ostatn\u00fdch pr\u00edpadoch po dobu uveden\u00fa v na\u0161om registrat\u00farnom pl\u00e1ne. Po uplynut\u00ed doby uchov\u00e1vania osobn\u00fdch \u00fadajov zabezpe\u010dujeme ich v\u00fdmaz pr\u00edpadne anonymiz\u00e1ciu, a to plne v s\u00falade s GDPR.<strong>\u00a0<\/strong><\/p><ol start=\"7\"><li><strong> Ak\u00e9 s\u00fa Va\u0161e pr\u00e1va vo\u010di n\u00e1m v oblasti ochrany osobn\u00fdch \u00fadajov?<\/strong><\/li><\/ol><p>Ako dotknutej osobe V\u00e1m z GDPR vypl\u00fdvaj\u00fa viacer\u00e9 pr\u00e1va, na ktor\u00e9 si V\u00e1s dovo\u013eujeme touto cestou upozorni\u0165, a to:<\/p><p><strong>7.1. Pr\u00e1vo na pr\u00edstup k osobn\u00fdm \u00fadajom<\/strong><\/p><p>M\u00e1te pr\u00e1vo od n\u00e1s po\u017eadova\u0165 potvrdenie o tom, \u010di sprac\u00favame osobn\u00e9 \u00fadaje, ktor\u00e9 sa V\u00e1s t\u00fdkaj\u00fa a ak \u00e1no, tak m\u00e1te pr\u00e1vo z\u00edska\u0165 pr\u00edstup k t\u00fdmto osobn\u00fdm \u00fadajom, ako aj pr\u00e1vo na z\u00e1kladn\u00e9 inform\u00e1cie o sprac\u00favan\u00ed Va\u0161ich osobn\u00fdch \u00fadajov. Za t\u00fdmto \u00fa\u010delom je mo\u017en\u00e9 n\u00e1s kontaktova\u0165 kedyko\u013evek, a to prostredn\u00edctvom kontaktn\u00fdch \u00fadajov uveden\u00fdch v \u010dasti \u201eAk\u00e9 s\u00fa na\u0161e kontaktn\u00e9 \u00fadaje?\u201c.<\/p><p><strong>7.2 Pr\u00e1vo na opravu a\/alebo doplnenie osobn\u00fdch \u00fadajov<\/strong><\/p><p>M\u00e1te pr\u00e1vo po\u017eadova\u0165, aby sme bez zbyto\u010dn\u00e9ho odkladu opravili nespr\u00e1vne osobn\u00e9 \u00fadaje, ktor\u00e9 sa V\u00e1s t\u00fdkaj\u00fa, ako aj pr\u00e1vo na doplnenie ne\u00fapln\u00fdch osobn\u00fdch \u00fadajov. Za t\u00fdmto \u00fa\u010delom je mo\u017en\u00e9 n\u00e1s kontaktova\u0165 kedyko\u013evek, a to prostredn\u00edctvom kontaktn\u00fdch \u00fadajov uveden\u00fdch v \u010dasti \u201eAk\u00e9 s\u00fa na\u0161e kontaktn\u00e9 \u00fadaje?\u201c.<\/p><p><strong>7.3 Pr\u00e1vo na vymazanie osobn\u00fdch \u00fadajov<\/strong><\/p><p>Pr\u00e1vo po\u017eadova\u0165 bezodkladn\u00e9 vymazanie Va\u0161ich osobn\u00fdch \u00fadajov m\u00e1te iba v pr\u00edpade, ak:<\/p><ul><li>osobn\u00e9 \u00fadaje u\u017e nie s\u00fa potrebn\u00e9 na \u00fa\u010dely, na ktor\u00e9 sa z\u00edskavali alebo inak sprac\u00favali;<\/li><li>odvol\u00e1te s\u00fahlas, na z\u00e1klade ktor\u00e9ho sa sprac\u00favanie vykon\u00e1va, a ak neexistuje in\u00fd pr\u00e1vny z\u00e1klad pre sprac\u00favanie;<\/li><li>namietate vo\u010di sprac\u00favaniu a nepreva\u017euj\u00fa \u017eiadne opr\u00e1vnen\u00e9 d\u00f4vody na sprac\u00favanie;<\/li><li>osobn\u00e9 \u00fadaje sa sprac\u00favali nez\u00e1konne;<\/li><li>osobn\u00e9 \u00fadaje musia by\u0165 vymazan\u00e9, aby sa splnila z\u00e1konn\u00e1 povinnos\u0165 pod\u013ea pr\u00e1va Eur\u00f3pskej \u00danie alebo pr\u00e1va \u010dlensk\u00e9ho \u0161t\u00e1tu, ktor\u00e9mu podliehame;<\/li><li>osobn\u00e9 \u00fadaje sa z\u00edskavali v s\u00favislosti s ponukou slu\u017eieb informa\u010dnej spolo\u010dnosti pod\u013ea \u010dl\u00e1nku 8 ods. 1 GDPR.<\/li><\/ul><p>Za t\u00fdmto \u00fa\u010delom n\u00e1s m\u00f4\u017eete kedyko\u013evek kontaktova\u0165 prostredn\u00edctvom kontaktn\u00fdch \u00fadajov uveden\u00fdch v \u010dasti \u201eAk\u00e9 s\u00fa na\u0161e kontaktn\u00e9 \u00fadaje?\u201c, pri\u010dom n\u00e1sledne pos\u00fadime, \u010di vo Va\u0161om pr\u00edpade neexistuj\u00fa v\u00fdnimky, kedy nie je mo\u017en\u00e9 vymaza\u0165 Va\u0161e \u00fadaje aj ke\u010f je splnen\u00e1 niektor\u00e1 z vy\u0161\u0161ie uveden\u00fdch podmienok (napr. je to potrebn\u00e9 na uplat\u0148ovanie pr\u00e1vnych n\u00e1rokov).<\/p><p><strong>7.4 Pr\u00e1vo na obmedzenie sprac\u00favania osobn\u00fdch \u00fadajov<\/strong><\/p><p>M\u00e1te pr\u00e1vo, aby sme obmedzili sprac\u00favanie Va\u0161ich \u00fadajov (t.j. Va\u0161e \u00fadaje iba uchov\u00e1vali, av\u0161ak in\u00fdm sp\u00f4sobom ich nesprac\u00favali), ak:<\/p><ul><li>ste napadli spr\u00e1vnos\u0165 osobn\u00fdch \u00fadajov;<\/li><li>sprac\u00favanie je protiz\u00e1konn\u00e9 a Vy namietate proti vymazaniu osobn\u00fdch \u00fadajov a \u017eiadate namiesto toho obmedzenie ich pou\u017eitia;<\/li><li>u\u017e nepotrebujeme Va\u0161e osobn\u00e9 \u00fadaje na \u00fa\u010dely sprac\u00favania, ale potrebujete ich Vy na preuk\u00e1zanie, uplat\u0148ovanie alebo obhajovanie pr\u00e1vnych n\u00e1rokov;<\/li><li>namietate vo\u010di sprac\u00favaniu.<\/li><\/ul><p>Za t\u00fdmto \u00fa\u010delom n\u00e1s m\u00f4\u017eete kedyko\u013evek kontaktova\u0165 prostredn\u00edctvom kontaktn\u00fdch \u00fadajov uveden\u00fdch v \u010dasti \u201eAk\u00e9 s\u00fa na\u0161e kontaktn\u00e9 \u00fadaje?\u201c, pri\u010dom n\u00e1sledne pos\u00fadime, \u010di vo Va\u0161om pr\u00edpade neexistuj\u00fa v\u00fdnimky, kedy je mo\u017en\u00e9 Va\u0161e osobn\u00e9 \u00fadaje sprac\u00fava\u0165 aj in\u00fdm sp\u00f4sobom, nielen uchov\u00e1van\u00edm.<\/p><p><strong>7.5 Pr\u00e1vo namieta\u0165 proti sprac\u00favaniu osobn\u00fdch \u00fadajov<\/strong><\/p><p>M\u00e1te pr\u00e1vo namieta\u0165 proti sprac\u00favaniu Va\u0161ich osobn\u00fdch \u00fadajov, ak je pr\u00e1vnym z\u00e1kladom sprac\u00favania Va\u0161ich osobn\u00fdch \u00fadajov: a) nevyhnutn\u00e9 splnenie \u00falohy realizovanej vo verejnom z\u00e1ujme alebo pri v\u00fdkone verejnej moci alebo b) sprac\u00favanie je nevyhnutn\u00e9 na \u00fa\u010dely opr\u00e1vnen\u00fdch z\u00e1ujmov, ktor\u00e9 sleduje na\u0161a spolo\u010dnos\u0165 alebo tretia strana, s v\u00fdnimkou pr\u00edpadov, ke\u010f nad tak\u00fdmito z\u00e1ujmami preva\u017euj\u00fa z\u00e1ujmy alebo z\u00e1kladn\u00e9 pr\u00e1va a slobody Va\u0161ej osoby, ktor\u00e9 si vy\u017eaduj\u00fa ochranu osobn\u00fdch \u00fadajov, najm\u00e4 ak je dotknutou osobou die\u0165a. Za t\u00fdmto \u00fa\u010delom n\u00e1s m\u00f4\u017eete kedyko\u013evek kontaktova\u0165 prostredn\u00edctvom kontaktn\u00fdch \u00fadajov uveden\u00fdch v \u010dasti \u201eAk\u00e9 s\u00fa na\u0161e kontaktn\u00e9 \u00fadaje?\u201c. Va\u0161e osobn\u00e9 \u00fadaje m\u00f4\u017eeme sprac\u00fava\u0165 iba, ak by sme preuk\u00e1zali nevyhnutn\u00e9 opr\u00e1vnen\u00e9 d\u00f4vody na sprac\u00favanie, ktor\u00e9 by preva\u017eovali nad z\u00e1ujmami, pr\u00e1vami a slobodami alebo d\u00f4vody na preukazovanie, uplat\u0148ovanie alebo obhajovanie pr\u00e1vnych n\u00e1rokov.<\/p><p><strong>7.6 Pr\u00e1vo na prenosnos\u0165 osobn\u00fdch \u00fadajov<\/strong><\/p><p>Ak sa sprac\u00favanie Va\u0161ich osobn\u00fdch \u00fadajov vykon\u00e1va automatizovan\u00fdmi prostriedkami, a to na z\u00e1klade V\u00e1\u0161ho s\u00fahlasu alebo pre \u00fa\u010dely plnenia zmluvy, m\u00e1te pr\u00e1vo z\u00edska\u0165 osobn\u00e9 \u00fadaje, ktor\u00e9 sa V\u00e1s t\u00fdkaj\u00fa a ktor\u00e9 ste n\u00e1m poskytli, a to v \u0161trukt\u00farovanom, be\u017ene pou\u017e\u00edvanom a strojovo \u010ditate\u013enom form\u00e1te a m\u00e1te pr\u00e1vo prenies\u0165 tieto \u00fadaje \u010fal\u0161ej osobe (prev\u00e1dzkovate\u013eovi). Za t\u00fdmto \u00fa\u010delom n\u00e1s m\u00f4\u017eete kedyko\u013evek kontaktova\u0165 prostredn\u00edctvom kontaktn\u00fdch \u00fadajov uveden\u00fdch v \u010dasti \u201eAk\u00e9 s\u00fa na\u0161e kontaktn\u00e9 \u00fadaje?\u201c.<\/p><p><strong>7.7 Pr\u00e1vo kedyko\u013evek odvola\u0165 s\u00fahlas so sprac\u00favan\u00edm osobn\u00fdch \u00fadajov<\/strong><\/p><p>V neposlednom rade m\u00e1te pr\u00e1vo kedyko\u013evek odvola\u0165 Vami udelen\u00fd s\u00fahlas so spracovan\u00edm osobn\u00fdch \u00fadajov, ktor\u00e9 sa V\u00e1s t\u00fdkaj\u00fa. Odvolanie s\u00fahlasu nem\u00e1 vplyv na z\u00e1konnos\u0165 sprac\u00favania osobn\u00fdch \u00fadajov zalo\u017eenom na s\u00fahlase pred jeho odvolan\u00edm. Za t\u00fdmto \u00fa\u010delom n\u00e1s m\u00f4\u017eete kedyko\u013evek kontaktova\u0165 prostredn\u00edctvom kontaktn\u00fdch \u00fadajov uveden\u00fdch v \u010dasti \u201eAk\u00e9 s\u00fa na\u0161e kontaktn\u00e9 \u00fadaje?\u201c.<\/p><p><strong>7.8 Pr\u00e1vo poda\u0165 s\u0165a\u017enos\u0165 dozorn\u00e9mu org\u00e1nu<\/strong><\/p><p>Touto cestou V\u00e1s z\u00e1rove\u0148 informujeme, \u017ee v pr\u00edpade, ak m\u00e1te za to, \u017ee do\u0161lo k poru\u0161eniu pr\u00e1v fyzick\u00fdch os\u00f4b pri sprac\u00favan\u00ed Va\u0161ich osobn\u00fdch \u00fadajov alebo k poru\u0161eniu nariadenia GDPR, m\u00f4\u017eete poda\u0165 n\u00e1vrh na za\u010datie konania o ochrane osobn\u00fdch \u00fadajov, a to \u00daradu pre ochranu osobn\u00fdch \u00fadajov Slovenskej republiky. Vzor n\u00e1vrhu je uverejnen\u00fd na str\u00e1nke \u00daradu pre ochranu osobn\u00fdch \u00fadajov Slovenskej republiky, Hrani\u010dn\u00e1 12, 820 07 Bratislava 27; tel. \u010d\u00edslo: +421 \/2\/ 3231 3214; mail: statny.dozor@pdp.gov.sk, https:\/\/dataprotection.gov.sk.<\/p><ol start=\"8\"><li><strong> Ste povinn\u00fd n\u00e1m poskytn\u00fa\u0165 Va\u0161e osobn\u00e9 \u00fadaje?<\/strong><\/li><\/ol><p>Poskytnutie osobn\u00fdch \u00fadajov pre \u00fa\u010dely poskytnutia plnenia zmluvy uzavretej prostredn\u00edctvom eshopu nie je z\u00e1konnou povinnos\u0165ou dotknutej osoby, av\u0161ak v pr\u00edpade neposkytnutia osobn\u00fdch \u00fadajov, nebude prev\u00e1dzkovate\u013e schopn\u00fd riadne plni\u0165 svoje z\u00e1v\u00e4zkov\u00e9 povinnosti a\u00a0vyhovie\u0165 Va\u0161ej objedn\u00e1vke. Rovnak\u00fd z\u00e1ver plat\u00ed aj pre poskytnutie osobn\u00fdch \u00fadajov v in\u00fdch pr\u00edpadoch.<strong>\u00a0<\/strong><\/p><ol start=\"9\"><li><strong> Z\u00edskavame Va\u0161e osobn\u00e9 \u00fadaje aj z in\u00fdch zdrojov, ne\u017e od V\u00e1s?<\/strong><\/li><\/ol><p>Ak ste n\u00e1\u0161 klient, Va\u0161e osobn\u00e9 \u00fadaje naj\u010dastej\u0161ie z\u00edskavame priamo od V\u00e1s.<\/p><ol start=\"10\"><li><strong> Realizujeme automatizovan\u00e9 rozhodovanie vr\u00e1tane profilovania?<\/strong><\/li><\/ol><p>Automatizovan\u00e9 individu\u00e1lne rozhodovanie s\u00a0vyl\u00fa\u010den\u00edm \u013eudsk\u00e9ho z\u00e1sahu nevykon\u00e1vame.<\/p><p>Profilovanie vykon\u00e1vame v\u00a0obmedzenom rozsahu len u\u00a0registrovan\u00fdch z\u00e1kazn\u00edkov n\u00e1\u0161ho eshopu na <a href=\"http:\/\/www.weesion.sk\">www.weesion.sk<\/a> alebo <a href=\"http:\/\/www.weesion.eu\">www.weesion.eu<\/a> . Tak\u00e1to registr\u00e1cia je dobrovo\u013en\u00e1, uskuto\u010d\u0148uje sa za s\u00fa\u010dasn\u00e9ho pon\u00faknutia alternat\u00edvy nespojenej s\u00a0registr\u00e1ciou a\u00a0profilovan\u00edm. Pr\u00e1vnym z\u00e1kladom sprac\u00favania osobn\u00fdch \u00fadajov v\u00a0pr\u00edpade registr\u00e1cie do n\u00e1\u0161ho webshopu je V\u00e1\u0161 s\u00fahlas, vyjadren\u00fd zakliknut\u00edm pr\u00edslu\u0161nej kol\u00f3nky pri registr\u00e1cii. Podmienky odvolania s\u00fahlasu s\u00fa s\u00fa\u010das\u0165ou pou\u010denia dan\u00e9ho pri registr\u00e1cii.<\/p><ol start=\"11\"><li><strong> Zmeny podmienok ochrany s\u00fakromia <\/strong><\/li><\/ol><p>Ochrana osobn\u00fdch \u00fadajov pre n\u00e1s nie je jednorazovou z\u00e1le\u017eitos\u0165ou. Inform\u00e1cie, ktor\u00e9 sme V\u00e1m povinn\u00ed vzh\u013eadom na na\u0161e sprac\u00favanie osobn\u00fdch \u00fadajov poskytn\u00fa\u0165 sa m\u00f4\u017eu meni\u0165 alebo presta\u0165 by\u0165 aktu\u00e1lne. Z tohto d\u00f4vodu si vyhradzujeme mo\u017enos\u0165 kedyko\u013evek tieto podmienky upravi\u0165 a zmeni\u0165 v\u00a0akomko\u013evek rozsahu. V\u00a0pr\u00edpade, \u017ee sa zmenia tieto podmienky podstatn\u00fdm sp\u00f4sobom, t\u00fato zmenu V\u00e1m d\u00e1me do pozornosti napr. v\u0161eobecn\u00fdm ozn\u00e1men\u00edm na webstr\u00e1nke alebo osobitn\u00fdm ozn\u00e1men\u00edm prostredn\u00edctvom emailu.<\/p>\n\t\t\t\t\t<\/div>\n\t\t\t\t\t\t<\/div>\n\t\t\t\t<\/div>\n\t\t\t\t\t<\/div>\n\t\t\t\t<\/div>\n\t\t\t\t<\/div>\n\t\t","protected":false},"excerpt":{"rendered":"<p>INFORMA\u010cN\u00c1 POVINNOS\u0164 PREV\u00c1DZKOVATE\u013dA v\u00a0zmysle Nariadenia Eur\u00f3pskeho parlamentu a Rady (E\u00da) 2016\/679 z 27. apr\u00edla 2016 o ochrane fyzick\u00fdch os\u00f4b pri<\/p>\n","protected":false},"author":1,"featured_media":0,"parent":0,"menu_order":0,"comment_status":"closed","ping_status":"closed","template":"","meta":{"footnotes":""},"class_list":["post-27502","page","type-page","status-publish","hentry"],"yoast_head":"<!-- This site is optimized with the Yoast SEO plugin v26.6 - https:\/\/yoast.com\/wordpress\/plugins\/seo\/ -->\n<title>Ochrana osobn\u00fdch \u00fadajov - Weesion s.r.o.<\/title>\n<meta name=\"robots\" content=\"index, follow, max-snippet:-1, max-image-preview:large, max-video-preview:-1\" \/>\n<link rel=\"canonical\" href=\"https:\/\/www.weesion.eu\/sk\/ochrana-osobnych-udajov\/\" \/>\n<meta property=\"og:locale\" content=\"sk_SK\" \/>\n<meta property=\"og:type\" content=\"article\" \/>\n<meta property=\"og:title\" content=\"Ochrana osobn\u00fdch \u00fadajov - Weesion s.r.o.\" \/>\n<meta property=\"og:description\" content=\"INFORMA\u010cN\u00c1 POVINNOS\u0164 PREV\u00c1DZKOVATE\u013dA v\u00a0zmysle Nariadenia Eur\u00f3pskeho parlamentu a Rady (E\u00da) 2016\/679 z 27. apr\u00edla 2016 o ochrane fyzick\u00fdch os\u00f4b pri\" \/>\n<meta property=\"og:url\" content=\"https:\/\/www.weesion.eu\/sk\/ochrana-osobnych-udajov\/\" \/>\n<meta property=\"og:site_name\" content=\"Weesion s.r.o.\" \/>\n<meta property=\"article:modified_time\" content=\"2025-06-11T13:30:52+00:00\" \/>\n<meta name=\"twitter:card\" content=\"summary_large_image\" \/>\n<meta name=\"twitter:label1\" content=\"Predpokladan\u00fd \u010das \u010d\u00edtania\" \/>\n\t<meta name=\"twitter:data1\" content=\"14 min\u00fat\" \/>\n<script type=\"application\/ld+json\" class=\"yoast-schema-graph\">{\"@context\":\"https:\/\/schema.org\",\"@graph\":[{\"@type\":\"WebPage\",\"@id\":\"https:\/\/www.weesion.eu\/sk\/ochrana-osobnych-udajov\/\",\"url\":\"https:\/\/www.weesion.eu\/sk\/ochrana-osobnych-udajov\/\",\"name\":\"Ochrana osobn\u00fdch \u00fadajov - Weesion s.r.o.\",\"isPartOf\":{\"@id\":\"https:\/\/www.weesion.eu\/sk\/#website\"},\"datePublished\":\"2025-06-11T13:20:58+00:00\",\"dateModified\":\"2025-06-11T13:30:52+00:00\",\"breadcrumb\":{\"@id\":\"https:\/\/www.weesion.eu\/sk\/ochrana-osobnych-udajov\/#breadcrumb\"},\"inLanguage\":\"sk-SK\",\"potentialAction\":[{\"@type\":\"ReadAction\",\"target\":[\"https:\/\/www.weesion.eu\/sk\/ochrana-osobnych-udajov\/\"]}]},{\"@type\":\"BreadcrumbList\",\"@id\":\"https:\/\/www.weesion.eu\/sk\/ochrana-osobnych-udajov\/#breadcrumb\",\"itemListElement\":[{\"@type\":\"ListItem\",\"position\":1,\"name\":\"Domovsk\u00e1 str\u00e1nka\",\"item\":\"https:\/\/www.weesion.eu\/sk\/\"},{\"@type\":\"ListItem\",\"position\":2,\"name\":\"Ochrana osobn\u00fdch \u00fadajov\"}]},{\"@type\":\"WebSite\",\"@id\":\"https:\/\/www.weesion.eu\/sk\/#website\",\"url\":\"https:\/\/www.weesion.eu\/sk\/\",\"name\":\"Weesion s.r.o.\",\"description\":\"\",\"publisher\":{\"@id\":\"https:\/\/www.weesion.eu\/sk\/#organization\"},\"potentialAction\":[{\"@type\":\"SearchAction\",\"target\":{\"@type\":\"EntryPoint\",\"urlTemplate\":\"https:\/\/www.weesion.eu\/sk\/?s={search_term_string}\"},\"query-input\":{\"@type\":\"PropertyValueSpecification\",\"valueRequired\":true,\"valueName\":\"search_term_string\"}}],\"inLanguage\":\"sk-SK\"},{\"@type\":\"Organization\",\"@id\":\"https:\/\/www.weesion.eu\/sk\/#organization\",\"name\":\"Weesion s.r.o.\",\"url\":\"https:\/\/www.weesion.eu\/sk\/\",\"logo\":{\"@type\":\"ImageObject\",\"inLanguage\":\"sk-SK\",\"@id\":\"https:\/\/www.weesion.eu\/sk\/#\/schema\/logo\/image\/\",\"url\":\"https:\/\/www.weesion.eu\/wp-content\/uploads\/2025\/09\/Weesion-logo-1-1-scaled.png\",\"contentUrl\":\"https:\/\/www.weesion.eu\/wp-content\/uploads\/2025\/09\/Weesion-logo-1-1-scaled.png\",\"width\":2560,\"height\":484,\"caption\":\"Weesion s.r.o.\"},\"image\":{\"@id\":\"https:\/\/www.weesion.eu\/sk\/#\/schema\/logo\/image\/\"}}]}<\/script>\n<!-- \/ Yoast SEO plugin. -->","yoast_head_json":{"title":"Ochrana osobn\u00fdch \u00fadajov - Weesion s.r.o.","robots":{"index":"index","follow":"follow","max-snippet":"max-snippet:-1","max-image-preview":"max-image-preview:large","max-video-preview":"max-video-preview:-1"},"canonical":"https:\/\/www.weesion.eu\/sk\/ochrana-osobnych-udajov\/","og_locale":"sk_SK","og_type":"article","og_title":"Ochrana osobn\u00fdch \u00fadajov - Weesion s.r.o.","og_description":"INFORMA\u010cN\u00c1 POVINNOS\u0164 PREV\u00c1DZKOVATE\u013dA v\u00a0zmysle Nariadenia Eur\u00f3pskeho parlamentu a Rady (E\u00da) 2016\/679 z 27. apr\u00edla 2016 o ochrane fyzick\u00fdch os\u00f4b pri","og_url":"https:\/\/www.weesion.eu\/sk\/ochrana-osobnych-udajov\/","og_site_name":"Weesion s.r.o.","article_modified_time":"2025-06-11T13:30:52+00:00","twitter_card":"summary_large_image","twitter_misc":{"Predpokladan\u00fd \u010das \u010d\u00edtania":"14 min\u00fat"},"schema":{"@context":"https:\/\/schema.org","@graph":[{"@type":"WebPage","@id":"https:\/\/www.weesion.eu\/sk\/ochrana-osobnych-udajov\/","url":"https:\/\/www.weesion.eu\/sk\/ochrana-osobnych-udajov\/","name":"Ochrana osobn\u00fdch \u00fadajov - Weesion s.r.o.","isPartOf":{"@id":"https:\/\/www.weesion.eu\/sk\/#website"},"datePublished":"2025-06-11T13:20:58+00:00","dateModified":"2025-06-11T13:30:52+00:00","breadcrumb":{"@id":"https:\/\/www.weesion.eu\/sk\/ochrana-osobnych-udajov\/#breadcrumb"},"inLanguage":"sk-SK","potentialAction":[{"@type":"ReadAction","target":["https:\/\/www.weesion.eu\/sk\/ochrana-osobnych-udajov\/"]}]},{"@type":"BreadcrumbList","@id":"https:\/\/www.weesion.eu\/sk\/ochrana-osobnych-udajov\/#breadcrumb","itemListElement":[{"@type":"ListItem","position":1,"name":"Domovsk\u00e1 str\u00e1nka","item":"https:\/\/www.weesion.eu\/sk\/"},{"@type":"ListItem","position":2,"name":"Ochrana osobn\u00fdch \u00fadajov"}]},{"@type":"WebSite","@id":"https:\/\/www.weesion.eu\/sk\/#website","url":"https:\/\/www.weesion.eu\/sk\/","name":"Weesion s.r.o.","description":"","publisher":{"@id":"https:\/\/www.weesion.eu\/sk\/#organization"},"potentialAction":[{"@type":"SearchAction","target":{"@type":"EntryPoint","urlTemplate":"https:\/\/www.weesion.eu\/sk\/?s={search_term_string}"},"query-input":{"@type":"PropertyValueSpecification","valueRequired":true,"valueName":"search_term_string"}}],"inLanguage":"sk-SK"},{"@type":"Organization","@id":"https:\/\/www.weesion.eu\/sk\/#organization","name":"Weesion s.r.o.","url":"https:\/\/www.weesion.eu\/sk\/","logo":{"@type":"ImageObject","inLanguage":"sk-SK","@id":"https:\/\/www.weesion.eu\/sk\/#\/schema\/logo\/image\/","url":"https:\/\/www.weesion.eu\/wp-content\/uploads\/2025\/09\/Weesion-logo-1-1-scaled.png","contentUrl":"https:\/\/www.weesion.eu\/wp-content\/uploads\/2025\/09\/Weesion-logo-1-1-scaled.png","width":2560,"height":484,"caption":"Weesion s.r.o."},"image":{"@id":"https:\/\/www.weesion.eu\/sk\/#\/schema\/logo\/image\/"}}]}},"_links":{"self":[{"href":"https:\/\/www.weesion.eu\/sk\/wp-json\/wp\/v2\/pages\/27502","targetHints":{"allow":["GET"]}}],"collection":[{"href":"https:\/\/www.weesion.eu\/sk\/wp-json\/wp\/v2\/pages"}],"about":[{"href":"https:\/\/www.weesion.eu\/sk\/wp-json\/wp\/v2\/types\/page"}],"author":[{"embeddable":true,"href":"https:\/\/www.weesion.eu\/sk\/wp-json\/wp\/v2\/users\/1"}],"replies":[{"embeddable":true,"href":"https:\/\/www.weesion.eu\/sk\/wp-json\/wp\/v2\/comments?post=27502"}],"version-history":[{"count":17,"href":"https:\/\/www.weesion.eu\/sk\/wp-json\/wp\/v2\/pages\/27502\/revisions"}],"predecessor-version":[{"id":27538,"href":"https:\/\/www.weesion.eu\/sk\/wp-json\/wp\/v2\/pages\/27502\/revisions\/27538"}],"wp:attachment":[{"href":"https:\/\/www.weesion.eu\/sk\/wp-json\/wp\/v2\/media?parent=27502"}],"curies":[{"name":"wp","href":"https:\/\/api.w.org\/{rel}","templated":true}]}}